{"id":46,"date":"2023-06-08T16:12:05","date_gmt":"2023-06-08T19:12:05","guid":{"rendered":"https:\/\/cedyt.org\/?page_id=46"},"modified":"2023-12-13T03:29:41","modified_gmt":"2023-12-13T06:29:41","slug":"comisiones","status":"publish","type":"page","link":"https:\/\/cedyt.org\/?page_id=46","title":{"rendered":"COMISIONES"},"content":{"rendered":"\n<div class=\"wp-block-group is-layout-constrained wp-block-group-is-layout-constrained\"><div class=\"wp-block-group__inner-container\"><div class=\"wp-block-image\">\n<figure class=\"aligncenter size-full\"><img decoding=\"async\" width=\"101\" height=\"93\" src=\"https:\/\/mlfgxe2ni4uc.i.optimole.com\/w:auto\/h:auto\/q:mauto\/f:avif\/http:\/\/cedyt.org\/wp-content\/uploads\/2023\/06\/Icon_comisiones.png\" alt=\"\" class=\"wp-image-405\"\/><\/figure><\/div>\n\n\n<h2 class=\"wp-block-heading has-text-align-center has-nv-c-1-color has-text-color\" id=\"TERRITORIO\">COMISIONES<\/h2>\n\n\n\n<div class=\"wp-block-group is-layout-constrained wp-block-group-is-layout-constrained\"><div class=\"wp-block-group__inner-container\">\n<div class=\"wp-block-group is-layout-constrained wp-block-group-is-layout-constrained\"><div class=\"wp-block-group__inner-container\">\n<h3 class=\"wp-block-heading has-nv-c-1-color has-text-color\">Territorio<\/h3>\n\n\n\n<p>La <strong>Comisi\u00f3n de Territorio<\/strong> naci\u00f3 conjuntamente con la creaci\u00f3n<strong> CEDyT<\/strong> en el a\u00f1o 2010, es considerada el <strong>coraz\u00f3n de la instituci\u00f3n<\/strong>, ya que todas las acciones y proyectos que se proponen y realizan tienen como objetivo materializarse en acciones concretas en el territorio. Con la perspectiva de que <strong>toda transformaci\u00f3n debe generar una mejora en la calidad de vida de las personas<\/strong>, se proponen actividades e intervenciones.<\/p>\n\n\n\n<p>La Comisi\u00f3n est\u00e1 <strong>conformada por referentes territoriales <\/strong>de los distintos barrios en los que trabajamos como CEDyT, quienes en conjunto motorizan las actividades y proyectos; organizando comunitariamente distintas acciones y, a su vez, canalizando la demanda de las diversas problem\u00e1ticas coyunturales y estructurales de los barrios.<\/p>\n\n\n\n<p>En la actualidad se desarrollan trabajos en los barrios:<\/p>\n\n\n\n<ul>\n<li>Los Hornos: El Barrio de Ramona<\/li>\n\n\n\n<li>Olmos: Barrio Las Casuarinas<\/li>\n\n\n\n<li>Romero: Barrio Jazmin<\/li>\n\n\n\n<li>Villa Montoro: Alfa de Villa Montoro<\/li>\n\n\n\n<li>Villa Elvira: Comedor Abuelo Gula<\/li>\n\n\n\n<li>Berisso: Villa El Progreso<\/li>\n\n\n\n<li>Ensenada: El Dique<\/li>\n<\/ul>\n\n\n\n<p>En el territorio se superponen diferentes dimensiones y problem\u00e1ticas, lo que requiere un <strong>abordaje integral <\/strong>y, en ese sentido, el rol de los y las referentes barriales es central, ya sea para acompa\u00f1ar, impulsar o generar acciones, propuestas y proyectos.<\/p>\n\n\n\n<p>En este marco, se plantearon <strong>dos l\u00edneas de trabajo<\/strong>: una que tiene que ver con la <strong>acci\u00f3n territorial,<\/strong> y otra, con la <strong>formaci\u00f3n comunitaria<\/strong>. A partir de las problem\u00e1ticas concretas del territorio, las y los referentes barriales acompa\u00f1an la identificaci\u00f3n participativa y organizaci\u00f3n de la demanda sobre necesidades y conflictos, impulsando y trabajando proyectos colectivos en sus barrios, tales como la gesti\u00f3n y organizaci\u00f3n de redes comunitarias de cuidado, actividades de contenci\u00f3n, promoci\u00f3n de la salud y organizaci\u00f3n de su comunidad.&nbsp;<\/p>\n\n\n\n<p>Paralelamente, se promueve la <strong>generaci\u00f3n de espacios colectivos de capacitaci\u00f3n y formaci\u00f3n<\/strong>, para la construcci\u00f3n de herramientas para la intervenci\u00f3n en el territorio y la construcci\u00f3n social del h\u00e1bitat.<\/p>\n\n\n\n<p>Desde el espacio se promueve:<\/p>\n\n\n\n<ul>\n<li>Generaci\u00f3n de diagn\u00f3sticos participativos<\/li>\n\n\n\n<li>Elaboraci\u00f3n de proyectos comunitarios<\/li>\n\n\n\n<li>Acompa\u00f1amiento de situaciones cr\u00edticas<\/li>\n\n\n\n<li>Construcci\u00f3n de redes colectivas de contenci\u00f3n<\/li>\n\n\n\n<li>Asesoramientos en propuestas de intervenci\u00f3n territorial y desarrollo de proyectos vinculados a regularizaci\u00f3n dominial, mejora del h\u00e1bitat, acceso a la vivienda, entre otros.<\/li>\n<\/ul>\n\n\n\n<p id=\"HABITAT\"><strong>Coordinaci\u00f3n: Graciela Soledad \u00c1vila<\/strong><\/p>\n<\/div><\/div>\n\n\n\n<div class=\"wp-block-group is-layout-constrained wp-block-group-is-layout-constrained\"><div class=\"wp-block-group__inner-container\">\n<div class=\"wp-block-group is-vertical is-layout-flex wp-container-8 wp-block-group-is-layout-flex\">\n<div class=\"wp-block-group is-layout-constrained wp-block-group-is-layout-constrained\"><div class=\"wp-block-group__inner-container\">\n<h3 class=\"wp-block-heading has-nv-c-1-color has-text-color\">H\u00e1bitat<\/h3>\n\n\n\n<p>La tem\u00e1tica del <strong>H\u00e1bitat, la Tierra y la Vivienda<\/strong>, nace como uno de los <strong>ejes rectores<\/strong> desde los inicios del <strong>CEDyT <\/strong>y de las problem\u00e1ticas emergentes a trabajar en los barrios donde desarrollamos nuestras actividades; aunque es necesario destacar un momento de inflexi\u00f3n en la historia institucional como lo fue la c<strong>reaci\u00f3n de la Ley 14.449 de Acceso Justo al H\u00e1bitat<\/strong>. Como instituci\u00f3n acompa\u00f1amos el proceso de sanci\u00f3n de la ley, junto a otras organizaciones provinciales que ven\u00edan dando las discusiones en este tema, y nos incorporamos a la red de organizaciones que buscan y luchan por un h\u00e1bitat digno para toda la sociedad, fundamentalmente para aquellos m\u00e1s vulnerables y postergados.<\/p>\n\n\n\n<p>La Comisi\u00f3n de H\u00e1bitat comienza a desarrollarse activamente a partir del a\u00f1o 2014&nbsp; y est\u00e1 constituida por <strong>referentes barriales, t\u00e9cnicos y profesionales<\/strong>, que tienen como objetivo poner sus saberes a disposici\u00f3n en la construcci\u00f3n de un territorio m\u00e1s justo y equitativo.<\/p>\n\n\n\n<p>Durante el 2014, junto a una treintena de organizaciones de la regi\u00f3n del Gran La Plata se impulsa la creaci\u00f3n del Consejo Local de Tierra y H\u00e1bitat, a trav\u00e9s de la Ordenanza Municipal N\u00b0 11.218; sancionada el 10 de diciembre de 2014. En \u00e9l participamos activamente desde sus inicios, siendo miembros mientras funcion\u00f3 a nivel institucional hasta el 2020, cuando las autoridades municipales discontinuaron su funcionamiento, suspendiendo las convocatorias a las reuniones mensuales del Consejo hasta la actualidad.<\/p>\n\n\n\n<p>La participaci\u00f3n activa en el \u00e1mbito del <strong>Consejo Provincial de H\u00e1bitat<\/strong>, creado por la <strong>Ley 14.449<\/strong>, hizo que a partir del a\u00f1o 2022 tengamos representaci\u00f3n formal con un consejero a trav\u00e9s del <strong>Arq. Alberto \u201cTucho&#8221; Farias.<\/strong><\/p>\n\n\n\n<p>Desde este espacio se impulsa acciones dirigidas a:<\/p>\n\n\n\n<ol>\n<li>Trabajar y acompa\u00f1ar a las comunidades en la elaboraci\u00f3n de proyectos y en la gesti\u00f3n de recursos para la construcci\u00f3n de barrios, espacios comunitarios, plazas, construcci\u00f3n y mejora de viviendas.<\/li>\n\n\n\n<li>Promover la formaci\u00f3n y capacitaci\u00f3n de los y las referentes barriales en la construcci\u00f3n de proyectos colectivos barriales.<\/li>\n\n\n\n<li>Impulsar instancias de difusi\u00f3n de la problem\u00e1tica del h\u00e1bitat y capacitaci\u00f3n a distintos actores claves en la tem\u00e1tica.<\/li>\n\n\n\n<li>Promover el fortalecimiento de las organizaciones territoriales, donde la comunidad es la protagonista a partir de sus saberes, conocimiento de la problem\u00e1tica, ideas y propuestas.<\/li>\n\n\n\n<li>Fortalecer lazos y redes entre las organizaciones e instituciones de la sociedad civil, con el ideario de mejorar las condiciones habitacionales de la poblaci\u00f3n m\u00e1s vulnerable.<\/li>\n<\/ol>\n\n\n\n<p id=\"GENEROS\"><strong>Coordinaci\u00f3n: Arq. Alberto \u201cTucho&#8221; Farias.<\/strong><\/p>\n<\/div><\/div>\n\n\n\n<div class=\"wp-block-group is-layout-constrained wp-block-group-is-layout-constrained\"><div class=\"wp-block-group__inner-container\">\n<h3 class=\"wp-block-heading has-nv-c-1-color has-text-color\">G\u00e9neros y diversidades<\/h3>\n\n\n\n<p>La Comisi\u00f3n de G\u00e9neros y Diversidad del CEDyT surgi\u00f3 en el 2018, al calor de la marea feminista que sali\u00f3 a las calles a poner en la agenda social y pol\u00edtica la urgente necesidad de pol\u00edticas que tendieran a la construcci\u00f3n de una verdadera igualdad entre los g\u00e9neros.&nbsp;<\/p>\n\n\n\n<p>En este marco, la Comisi\u00f3n se constituy\u00f3 como un espacio de discusi\u00f3n y construcci\u00f3n colectiva que busca, desde una perspectiva interseccional, problematizar y plantear estrategias de abordaje frente a las distintas formas de desigualdad que atraviesan nuestro territorio. El cruce entre la falta de acceso a un h\u00e1bitat digno, el empobrecimiento y la desigualdad entre los g\u00e9neros, entre otras formas de opresi\u00f3n, tiene como resultado la marginalizaci\u00f3n de un amplio sector de la sociedad, representado en su gran mayor\u00eda por mujeres y personas lgtbi+.<\/p>\n\n\n\n<p>De esta manera, surgi\u00f3 la conformaci\u00f3n de dos esferas de intervenci\u00f3n principales: la <strong>escucha activa y derivaci\u00f3n acompa\u00f1ada<\/strong> en casos de violencia por razones de g\u00e9nero; y por otro lado la construcci\u00f3n de <strong>espacios colectivos de formaci\u00f3n<\/strong> dedicados principal, pero no \u00fanicamente, a referentxs territoriales de los barrios populares de nuestra regi\u00f3n que buscan incorporar herramientas relacionadas a la intervenci\u00f3n en el territorio y la construcci\u00f3n social del h\u00e1bitat con perspectiva de g\u00e9nero. Entendemos estos espacios como de reflexi\u00f3n colectiva, orientado a fortalecer y enriquecer la labor territorial de referentas territoriales, militantes y activistas dotando(nos) de herramientas que abonen a una construcci\u00f3n social del h\u00e1bitat realmente incluyente, democr\u00e1tica y feminista.<\/p>\n\n\n\n<p><strong>Desde nuestro espacio generamos:<\/strong><\/p>\n\n\n\n<ul>\n<li>Asesor\u00edas en transversalizaci\u00f3n de la perspectiva de g\u00e9neros en proyectos de intervenci\u00f3n y gesti\u00f3n del h\u00e1bitat social.<\/li>\n\n\n\n<li>Escucha y derivaci\u00f3n acompa\u00f1ada en casos de violencia por razones de g\u00e9nero y ASI.<\/li>\n\n\n\n<li>Espacios de discusi\u00f3n y formaci\u00f3n colectiva&nbsp;<\/li>\n<\/ul>\n\n\n\n<p id=\"SALUD\"><strong>Coordinci\u00f3n: Lila Carranza Blascetta<\/strong><\/p>\n<\/div><\/div>\n\n\n\n<div class=\"wp-block-group is-layout-constrained wp-block-group-is-layout-constrained\"><div class=\"wp-block-group__inner-container\">\n<h3 class=\"wp-block-heading has-nv-c-1-color has-text-color\">Salud<\/h3>\n\n\n\n<p>A fines del 2019 fuimos convocados a ser parte de la creaci\u00f3n de la Escuela Popular de Salud que impuls\u00f3 el equipo profesional del UPA N\u00b06 de Los Hornos, en la ciudad de La Plata, dirigida principalmente a los y las Promotores de la Salud en el territorio.<\/p>\n\n\n\n<p>Es as\u00ed que en el marco de la C\u00e1tedra Libre de Planificaci\u00f3n Estrat\u00e9gica Desarrollo Humano y Ocupaci\u00f3n del Espacio J:D:Per\u00f3n, nos pusimos a trabajar en conjunto con el equipo del UPA en la propuesta, la cual se present\u00f3 al \u00c1rea de C\u00e1tedras Libres de la UNLP.<\/p>\n\n\n\n<p>En marzo del 2020 se declaraba la Pandemia del COVID 19, y la propuesta que hab\u00edamos construido tom\u00f3 un car\u00e1cter preponderante en el territorio. Los y las alumnas de la escuela&nbsp; se convirtieron en alumnas y promotoras activas a partir de las urgencias que se produc\u00edan en los barrios producto de la pandemia; y por otro lado fortalecieron las pol\u00edticas de acci\u00f3n y prevenci\u00f3n del estado a trav\u00e9s del UPA y su equipo.<\/p>\n\n\n\n<p>Las clases presenciales que iban a realizarse en las instalaciones del club Alumni de Los Hornos se vieron suspendidas por el Aislamiento Social, Preventivo y Obligatorio. Consecuencia de ello, durante el a\u00f1o 2020 y parte del 2021 los &nbsp; encuentros se realizaron en forma virtual.<\/p>\n\n\n\n<p>Pese al contexto de pandemia, el Seminario de Promotores Socio Comunitarios en Salud Territorial se convirti\u00f3 en una herramienta fundamental en el territorio y para las futuras Promotoras de la Salud, as\u00ed como&nbsp; tambi\u00e9n para el sistema de salud del UPA, tanto es as\u00ed que se el Seminario se sigui\u00f3 dictando en el 2021 y 2022.<\/p>\n\n\n\n<p>Durante el 2022 nos convocaron a ser parte de la Diplomatura de Salud de la UNLP integr\u00e1ndonos al equipo.<\/p>\n\n\n\n<p>Desde el UPA se siguen dando Talleres y Seminarios aportando al desarrollo y fortalecimiento de las y los referentes barriales, entendiendo que el rol que desempe\u00f1an en el territorio son fundamentales como puente entre el Estado y la comunidad<\/p>\n\n\n\n<p>La Comisi\u00f3n de Salud del CEDyT est\u00e1 conformada por t\u00e9cnicos y profesionales, que tienen como objetivo promover, mediante talleres y campa\u00f1as, acciones de articulaci\u00f3n con \u00e1reas del Estado para la prevenci\u00f3n y el cuidado de la salud comunitaria; as\u00ed como tambi\u00e9n impulsar herramientas de prevenci\u00f3n de la salud y el h\u00e1bitat.<\/p>\n\n\n\n<p id=\"PLANIFICACION\"><strong>Coordinaci\u00f3n: Doris Elvira Oropeza<\/strong><\/p>\n<\/div><\/div>\n\n\n\n<div class=\"wp-block-group is-layout-constrained wp-block-group-is-layout-constrained\"><div class=\"wp-block-group__inner-container\">\n<h3 class=\"wp-block-heading has-nv-c-1-color has-text-color\">Planificaci\u00f3n<\/h3>\n\n\n\n<p><strong>arquitectura, urbanismo y planificaci\u00f3n territorial<\/strong><\/p>\n\n\n\n<p>El desarrollo de las actividades y las propuestas en torno al h\u00e1bitat nos llev\u00f3 necesariamente a profundizar la mirada sobre el territorio en su conjunto y sus diferentes dimensiones; es as\u00ed que iniciamos un proceso de an\u00e1lisis de las problem\u00e1ticas existentes en la ciudad y el territorio y en la construcci\u00f3n de posiciones y propuestas.<br>Esto nos llev\u00f3 a participar como <strong>CEDyT<\/strong>, en el <strong>Consejo \u00danico de Ordenamiento Territorial (CUOT)<\/strong> de la Municipalidad de La Plata, as\u00ed como tambi\u00e9n a desarrollar&nbsp; asesoramientos a Concejales municipales, en la publicaci\u00f3n informes y propuestas alternativas a muchas de las pol\u00edticas de abordaje territorial que se implementan desde los municipios de La Plata y Berisso.<\/p>\n\n\n\n<p>Desde el equipo de planificaci\u00f3n se desarrollan:&nbsp;&nbsp;<\/p>\n\n\n\n<ul>\n<li>Diagn\u00f3sticos y propuestas de car\u00e1cter urbano y territorial.&nbsp;<\/li>\n\n\n\n<li>Desarrollo y administraci\u00f3n de proyectos, de escala territorial, regional, urbana, barrial y arquitect\u00f3nica.<\/li>\n\n\n\n<li>Actualmente se est\u00e1 desarrollando un Observatorio de H\u00e1bitat y Territorio&nbsp;<\/li>\n<\/ul>\n\n\n\n<p id=\"DEPORTES\"><strong>Coordinaci\u00f3n: Luciano Pulgiese<\/strong><\/p>\n<\/div><\/div>\n\n\n\n<div class=\"wp-block-group is-layout-constrained wp-block-group-is-layout-constrained\"><div class=\"wp-block-group__inner-container\">\n<h3 class=\"wp-block-heading has-nv-c-1-color has-text-color\">Deportes<\/h3>\n\n\n\n<p>La <strong>Comisi\u00f3n de Deporte del CEDyT<\/strong> tiene como principales objetivos <strong>la investigaci\u00f3n y las pr\u00e1cticas en territorio<\/strong>. Entendemos la praxis como el camino que habilita un ida y vuelta entre la teor\u00eda y la pr\u00e1ctica, construyendo un an\u00e1lisis cr\u00edtico que permita mejorar las mismas en beneficio de la comunidad. A su vez, el desarrollo de investigaciones de car\u00e1cter interdisciplinar permite aportar a la generaci\u00f3n de&nbsp; pol\u00edticas p\u00fablicas vinculadas al deporte social, la recreaci\u00f3n y todas las expresiones propias de las pr\u00e1cticas corporales, compartiendo la perspectiva desarrollada por&nbsp; Secretar\u00eda de Deportes de la Naci\u00f3n que sostiene que:<em> \u201dEl deporte social, centrado en la actividad f\u00edsica y la recreaci\u00f3n, act\u00faa como generador de situaciones de inclusi\u00f3n promoviendo la salud, la educaci\u00f3n y la organizaci\u00f3n comunitaria de las personas sin discriminaci\u00f3n de edad, sexo, condici\u00f3n f\u00edsica, social, cultural o \u00e9tnica. Para ello, se busca extender la pr\u00e1ctica deportiva a toda la poblaci\u00f3n y formar recursos humanos con capacidad profesional y responsabilidad social\u201d<\/em>.  <strong>(1)<\/strong><\/p>\n\n\n\n<p>Es una misi\u00f3n fundamental para esta comisi\u00f3n generar actividades de investigaci\u00f3n y pr\u00e1cticas concretas&nbsp; en territorio (extensi\u00f3n comunitaria) para desarrollar una s\u00edntesis que nos enfoque en buenas pr\u00e1cticas corporales en beneficio de la ciudadan\u00eda impulsada por pol\u00edticas p\u00fablicas acorde al principio de inclusi\u00f3n social se\u00f1alado anteriormente.&nbsp;<\/p>\n\n\n\n<p><strong>Actividades desarrolladas&nbsp;<\/strong>A lo largo de nuestra participaci\u00f3n en el <strong>CEDyT<\/strong>, hemos&nbsp; estado presentes no solo como asistentes sino en la organizaci\u00f3n misma de diferentes jornadas, eventos, charlas, congresos y conversatorios a nivel nacional e internacional. Citando algunos ejemplos hemos organizado, conjuntamente con la Red Latinoamericana y Caribe\u00f1a de Deporte Social para la Inclusi\u00f3n las <strong>4tas Jornadas Latinoamericanas y Caribe\u00f1as de Deporte Social para la Inclusi\u00f3n <\/strong>que<strong> <\/strong>se desarrollaron en la ciudad de Mar del Plata el 31 de mayo de 2019. En este encuentro reafirmaron su participaci\u00f3n colegas de Argentina, Brasil, Chile, Colombia, Cuba y M\u00e9xico. Se incorporaron colegas de Uruguay, de Colombia (como Eusebio Avenda\u00f1o Avenda\u00f1o y Alejandro Villanueva de la Universidad Pedag\u00f3gica Nacional) y de la Argentina (compa\u00f1eros de la&nbsp; Universidad Nacional de Jos\u00e9 C. Paz y el Mg. Piero Ronconi de Comodoro Rivadavia).<\/p>\n\n\n\n<p>A lo largo de las jornadas se propuso la discusi\u00f3n sobre las pr\u00e1cticas deportivas, recreativas, l\u00fadicas y gimn\u00e1sticas, donde participan minor\u00edas, en contextos sociales en los que se inscriben sujetos vulnerados de sus derechos, atravesados por situaciones de conflicto social y pol\u00edticas neoliberales. Como resultado de la jornada se elabor\u00f3 un libro que sintetiza las distintas pr\u00e1cticas e investigaciones desarrolladas por&nbsp; los distintos pa\u00edses presentes.<\/p>\n\n\n\n<p><strong>Jornadas Red Latinoamericana y Caribe\u00f1a de Deporte Social para la Inclusi\u00f3n<\/strong>.<\/p>\n\n\n\n<p>El evento se llev\u00f3 a cabo los d\u00edas 16, 17 y 18 de noviembre del 2020 en la ciudad de M\u00e9xico a trav\u00e9s de plataformas digitales. Se constituy\u00f3 como un ciclo de conversatorios sobre temas asociados al deporte, la educaci\u00f3n f\u00edsica, la cultura, el g\u00e9nero, entre otros. Participaron compa\u00f1erxs de pa\u00edses hermanos tales como Argentina, Brasil, Chile, Uruguay, M\u00e9xico, Cuba y Colombia.&nbsp;<\/p>\n\n\n\n<p>El objetivo de estos conversatorios se centr\u00f3 en generar un espacio de discusi\u00f3n en torno a temas asociados al deporte, la educaci\u00f3n f\u00edsica, la cultura, el g\u00e9nero, entre otros, desde una perspectiva multisituada, y con ocasi\u00f3n a la, en ese momento, actual crisis sanitaria.<\/p>\n\n\n\n<p>Desde la Comisi\u00f3n de Deporte entendemos al deporte, centrado en la actividad f\u00edsica y la recreaci\u00f3n, como articulador social que fomenta la educaci\u00f3n, la salud y la organizaci\u00f3n comunitaria sin discriminaciones basadas en g\u00e9nero, edad, condici\u00f3n f\u00edsica o etnia.&nbsp;<\/p>\n\n\n\n<p><em><strong>1.<\/strong>P\u00e1gina web institucional de la Secretar\u00eda de deportes de la Naci\u00f3n. Disponible en: http:\/\/www.desarrollosocial.gob.ar\/deporte\/142. Acceso en: 4 abr. 2015.<\/em><\/p>\n\n\n\n<p id=\"CULTURA\"><strong>Coordinaci\u00f3n: Daniel Zambaglione<\/strong><\/p>\n<\/div><\/div>\n\n\n\n<div class=\"wp-block-group is-layout-constrained wp-block-group-is-layout-constrained\"><div class=\"wp-block-group__inner-container\">\n<h3 class=\"wp-block-heading has-nv-c-1-color has-text-color\">Cultura<\/h3>\n\n\n\n<p>Desde el CEDyT partimos de un abordaje integral de la cuesti\u00f3n del h\u00e1bitat, entendiendo en ese marco a la cultura como un aspecto fundamental que atraviesa la realidad social, constituy\u00e9ndola y a la vez siendo constitu\u00edda por \u00e9sta. En ese sentido, la cultura aparece como parte del tejido social que <strong>abarca distintas formas y expresiones <\/strong>de la sociedad. El arte, las costumbres, las pr\u00e1cticas, las maneras de ser y comunicarse, los <em>rituales<\/em>, las creencias, y las normas de comportamiento, entre otros elementos son aspectos que forman parte en la cultura<strong> material e inmaterial <\/strong>de la sociedad<strong>.<\/strong><\/p>\n\n\n\n<p>En cierto sentido, la cultura es el conjunto de informaciones y habilidades que poseen los individuos y sus comunidades, que se plasman en las formas de ser, actuar y sentir. Siguiendo a la <strong>UNESCO, la cultura<\/strong> <strong>permite al ser humano reflexionar sobre s\u00ed mismo y a trav\u00e9s de ella, definir valores y buscar nuevos significados, <\/strong>que desde nuestra perspectiva <strong>se ven plasmados en, por ejemplo, las formas de habitar <\/strong>en sentido amplio<strong>.<\/strong><\/p>\n\n\n\n<p>Es por ello que conocer de d\u00f3nde venimos como sociedad para valorar y entender lo que somos y reforzarlo a nivel colectivo es fundamental para conservar la <strong>identidad cultural de una sociedad y apostar a su construcci\u00f3n activa colectivamente. <\/strong>Seg\u00fan N\u00e9stor Garc\u00eda Canclini \u201c<strong>cultura es el conjunto de procesos donde se elabora la significaci\u00f3n de las estructuras sociales, se la reproduce y transforma mediante operaciones simb\u00f3licas\u201d.<\/strong><\/p>\n\n\n\n<p>Es por lo mencionado anteriormente que desde la <strong>Comisi\u00f3n de Cultura del CEDyT <\/strong>buscamos promover la <strong>puesta en valor<\/strong> de la <strong>memoria colectiva<\/strong>, recopilando la historia de las comunidades con las que trabajamos a partir de la valoraci\u00f3n de las personas mayores como reservorios de conocimiento y esencia de identidad, recuperando la historia de las memorias y apostando a la construcci\u00f3n colectiva de la memoria popular.<\/p>\n\n\n\n<p>Nuestros objetivos se centran en:<\/p>\n\n\n\n<ul>\n<li><strong>Democratizar<\/strong> las experiencias y pr\u00e1cticas art\u00edsticas y culturales.<\/li>\n\n\n\n<li>&nbsp;<strong>Mejorar el acceso a oportunidades<\/strong> educativas y laborales.<\/li>\n\n\n\n<li>&nbsp;<strong>Brindar herramientas<\/strong> expresivas y t\u00e9cnicas, para una mejor interpretaci\u00f3n.<\/li>\n\n\n\n<li><strong>Utilizar diferentes recursos<\/strong> para difusi\u00f3n de la cultura (como&nbsp; talleres,&nbsp; encuentros, espect\u00e1culos, etc ).<\/li>\n<\/ul>\n\n\n\n<p>Es nuestra intenci\u00f3n desarrollar una <strong>labor colectiva<\/strong>, <strong>voluntaria, solidaria y de compromiso social<\/strong> a trav\u00e9s de la cultura y el arte, en los diferentes territorios donde trabajamos, <strong>propendiendo a&nbsp; la integraci\u00f3n social<\/strong> y realizando actividades que apunten a potenciar y <strong>fomentar la cultura en todos sus aspectos,<\/strong> en diferentes \u00e1mbitos como pueden ser propios, escolares, y barriales de la periferia platense.<\/p>\n\n\n\n<p><strong>Palabras claves:<\/strong><\/p>\n\n\n\n<p>Asociatividad, Sociedad, Cultura, Gesti\u00f3n cultural, Identidad, Inclusi\u00f3n, Memoria.<\/p>\n\n\n\n<p><strong>Coordinaci\u00f3n: Gabriela Rivero<\/strong><\/p>\n<\/div><\/div>\n<\/div>\n\n\n\n<div style=\"height:15px\" aria-hidden=\"true\" class=\"wp-block-spacer\"><\/div>\n<\/div><\/div>\n<\/div><\/div>\n\n\n\n<div style=\"height:15px\" aria-hidden=\"true\" class=\"wp-block-spacer\"><\/div>\n<\/div><\/div>\n","protected":false},"excerpt":{"rendered":"<p>COMISIONES Territorio La Comisi\u00f3n de Territorio naci\u00f3 conjuntamente con la creaci\u00f3n CEDyT en el a\u00f1o 2010, es considerada el coraz\u00f3n de la instituci\u00f3n, ya que todas las acciones y proyectos que se proponen y realizan tienen como objetivo materializarse en acciones concretas en el territorio. Con la perspectiva de que toda transformaci\u00f3n debe generar una&hellip;&nbsp;<a href=\"https:\/\/cedyt.org\/?page_id=46\" class=\"\" rel=\"bookmark\">Leer m\u00e1s &raquo;<span class=\"screen-reader-text\">COMISIONES<\/span><\/a><\/p>\n","protected":false},"author":1,"featured_media":0,"parent":0,"menu_order":0,"comment_status":"closed","ping_status":"closed","template":"","meta":{"_mi_skip_tracking":false,"_monsterinsights_sitenote_active":false,"_monsterinsights_sitenote_note":"","_monsterinsights_sitenote_category":0,"neve_meta_sidebar":"","neve_meta_container":"","neve_meta_enable_content_width":"","neve_meta_content_width":0,"neve_meta_title_alignment":"","neve_meta_author_avatar":"","neve_post_elements_order":"","neve_meta_disable_header":"","neve_meta_disable_footer":"","neve_meta_disable_title":"","_themeisle_gutenberg_block_has_review":false,"_ti_tpc_template_sync":false,"_ti_tpc_template_id":"","footnotes":""},"_links":{"self":[{"href":"https:\/\/cedyt.org\/index.php?rest_route=\/wp\/v2\/pages\/46"}],"collection":[{"href":"https:\/\/cedyt.org\/index.php?rest_route=\/wp\/v2\/pages"}],"about":[{"href":"https:\/\/cedyt.org\/index.php?rest_route=\/wp\/v2\/types\/page"}],"author":[{"embeddable":true,"href":"https:\/\/cedyt.org\/index.php?rest_route=\/wp\/v2\/users\/1"}],"replies":[{"embeddable":true,"href":"https:\/\/cedyt.org\/index.php?rest_route=%2Fwp%2Fv2%2Fcomments&post=46"}],"version-history":[{"count":29,"href":"https:\/\/cedyt.org\/index.php?rest_route=\/wp\/v2\/pages\/46\/revisions"}],"predecessor-version":[{"id":1057,"href":"https:\/\/cedyt.org\/index.php?rest_route=\/wp\/v2\/pages\/46\/revisions\/1057"}],"wp:attachment":[{"href":"https:\/\/cedyt.org\/index.php?rest_route=%2Fwp%2Fv2%2Fmedia&parent=46"}],"curies":[{"name":"wp","href":"https:\/\/api.w.org\/{rel}","templated":true}]}}