{"id":707,"date":"2023-08-09T16:12:48","date_gmt":"2023-08-09T19:12:48","guid":{"rendered":"https:\/\/cedyt.org\/?page_id=707"},"modified":"2023-11-28T16:23:55","modified_gmt":"2023-11-28T19:23:55","slug":"que-hacemos","status":"publish","type":"page","link":"https:\/\/cedyt.org\/?page_id=707","title":{"rendered":"que hacemos"},"content":{"rendered":"\n<div class=\"wp-block-cover alignfull\"><span aria-hidden=\"true\" class=\"wp-block-cover__background has-nv-c-1-background-color has-background-dim-100 has-background-dim\"><\/span><div class=\"wp-block-cover__inner-container is-layout-constrained wp-block-cover-is-layout-constrained\">\n<h1 id=\"wp-block-themeisle-blocks-advanced-heading-208f53d4\" class=\"wp-block-themeisle-blocks-advanced-heading wp-block-themeisle-blocks-advanced-heading-208f53d4\">QUE HACEMOS<\/h1>\n\n\n\n<p class=\"has-medium-font-size\" style=\"letter-spacing:0px\"><\/p>\n\n\n\n<div class=\"wp-block-group is-layout-constrained wp-block-group-is-layout-constrained\"><div class=\"wp-block-group__inner-container\">\n<div class=\"wp-block-group is-layout-constrained wp-block-group-is-layout-constrained\"><div class=\"wp-block-group__inner-container\">\n<p id=\"wp-block-themeisle-blocks-advanced-heading-aca192ac\" class=\"wp-block-themeisle-blocks-advanced-heading wp-block-themeisle-blocks-advanced-heading-aca192ac\">Desarrollamos nuestra actividad en la regi\u00f3n del Gran La Plata, Berisso y Ensenada. Las zonas donde se realizan las actividades son Los Hornos, Olmos, Villa Elvira, Arturo Segu\u00ed y El Dique, en cada barrio cuenta con un referente del lugar con quien planificamos conjuntamente las capacitaciones y los proyectos, con participaci\u00f3n de la comunidad.<\/p>\n<\/div><\/div>\n<\/div><\/div>\n<\/div><\/div>\n\n\n\n<p><\/p>\n\n\n\n<div class=\"wp-block-group is-layout-constrained wp-block-group-is-layout-constrained\"><div class=\"wp-block-group__inner-container\">\n<div class=\"wp-block-cover alignfull\" style=\"min-height:289px\"><span aria-hidden=\"true\" class=\"wp-block-cover__background has-background-dim\"><\/span><img decoding=\"async\" width=\"960\" height=\"717\" class=\"wp-block-cover__image-background wp-image-733\" alt=\"\" src=\"https:\/\/mlfgxe2ni4uc.i.optimole.com\/w:auto\/h:auto\/q:mauto\/f:avif\/https:\/\/cedyt.org\/wp-content\/uploads\/2023\/08\/que-hacemos.png\" data-object-fit=\"cover\"\/><div class=\"wp-block-cover__inner-container is-layout-constrained wp-block-cover-is-layout-constrained\"><div class=\"wp-block-image\">\n<figure class=\"aligncenter size-full is-resized\"><img decoding=\"async\" width=\"212\" height=\"198\" src=\"https:\/\/mlfgxe2ni4uc.i.optimole.com\/w:auto\/h:auto\/q:mauto\/f:avif\/https:\/\/cedyt.org\/wp-content\/uploads\/2023\/08\/v1_web_Cedyt.png\" alt=\"\" class=\"wp-image-734\" style=\"width:104px;height:97px\"\/><\/figure><\/div>\n\n\n<h2 class=\"wp-block-heading has-text-align-center has-nv-site-bg-color has-text-color\">PROMOCI\u00d3N TERRITORIAL<\/h2>\n<\/div><\/div>\n\n\n\n<div style=\"height:68px\" aria-hidden=\"true\" class=\"wp-block-spacer\"><\/div>\n\n\n\n<div class=\"wp-block-group is-vertical is-layout-flex wp-container-5 wp-block-group-is-layout-flex\">\n<p class=\"has-text-align-left\">Llevamos adelante actividades vinculadas a la asistencia alimentaria de la poblaci\u00f3n m\u00e1s vulnerable en cada barrio, jornadas de promoci\u00f3n de la salud integral, as\u00ed como tambi\u00e9n seminarios y capacitaciones orientadas al fortalecimiento de la organizaci\u00f3n popular y la construcci\u00f3n de liderazgos comunitarios, vinculados principalmente a la construcci\u00f3n social del h\u00e1bitat, al acceso justo a la tierra y la vivienda, fortalecimiento de la econom\u00eda popular y a la transversalizaci\u00f3n de la perspectiva de g\u00e9nero en estos procesos.<\/p>\n<\/div>\n<\/div><\/div>\n\n\n\n<div style=\"height:60px\" aria-hidden=\"true\" class=\"wp-block-spacer\"><\/div>\n\n\n\n<div class=\"wp-block-group is-content-justification-center is-nowrap is-layout-flex wp-container-7 wp-block-group-is-layout-flex\">\n<figure class=\"wp-block-image size-full is-resized\"><img decoding=\"async\" width=\"1010\" height=\"568\" src=\"https:\/\/mlfgxe2ni4uc.i.optimole.com\/w:auto\/h:auto\/q:mauto\/f:avif\/http:\/\/cedyt.org\/wp-content\/uploads\/2023\/11\/comisionterritorio02.jpg\" alt=\"\" class=\"wp-image-1033\" style=\"object-fit:cover;width:782px;height:440px\"\/><\/figure>\n\n\n\n<figure class=\"wp-block-image size-large is-resized\"><img data-opt-src=\"https:\/\/mlfgxe2ni4uc.i.optimole.com\/w:1024\/h:498\/q:mauto\/f:avif\/http:\/\/cedyt.org\/wp-content\/uploads\/2023\/11\/comisionterritorio013.jpg\"  decoding=\"async\" width=\"1024\" height=\"498\" src=\"data:image/svg+xml,%3Csvg%20viewBox%3D%220%200%201024%20498%22%20width%3D%221024%22%20height%3D%22498%22%20xmlns%3D%22http%3A%2F%2Fwww.w3.org%2F2000%2Fsvg%22%3E%3C%2Fsvg%3E\" alt=\"\" class=\"wp-image-1035\" style=\"aspect-ratio:16\/9;object-fit:cover;width:782px;height:undefinedpx\"\/><\/figure>\n<\/div>\n\n\n\n<div style=\"height:87px\" aria-hidden=\"true\" class=\"wp-block-spacer\"><\/div>\n\n\n\n<div class=\"wp-block-group is-layout-constrained wp-block-group-is-layout-constrained\"><div class=\"wp-block-group__inner-container\">\n<div class=\"wp-block-cover alignfull\" style=\"min-height:289px\"><span aria-hidden=\"true\" class=\"wp-block-cover__background has-background-dim\"><\/span><img data-opt-src=\"https:\/\/mlfgxe2ni4uc.i.optimole.com\/w:auto\/h:auto\/q:mauto\/f:avif\/https:\/\/cedyt.org\/wp-content\/uploads\/2023\/08\/que-hacemos02.png\"  decoding=\"async\" width=\"960\" height=\"717\" class=\"wp-block-cover__image-background wp-image-748\" alt=\"\" src=\"data:image/svg+xml,%3Csvg%20viewBox%3D%220%200%20100%%20100%%22%20width%3D%22100%%22%20height%3D%22100%%22%20xmlns%3D%22http%3A%2F%2Fwww.w3.org%2F2000%2Fsvg%22%3E%3C%2Fsvg%3E\" style=\"object-position:56% 100%\" data-object-fit=\"cover\" data-object-position=\"56% 100%\"\/><div class=\"wp-block-cover__inner-container is-layout-constrained wp-block-cover-is-layout-constrained\"><div class=\"wp-block-image\">\n<figure class=\"aligncenter size-full is-resized\"><img decoding=\"async\" width=\"212\" height=\"198\" src=\"https:\/\/mlfgxe2ni4uc.i.optimole.com\/w:auto\/h:auto\/q:mauto\/f:avif\/https:\/\/cedyt.org\/wp-content\/uploads\/2023\/08\/v1_web_Cedyt.png\" alt=\"\" class=\"wp-image-734\" style=\"width:104px;height:97px\"\/><\/figure><\/div>\n\n\n<h2 class=\"wp-block-heading has-text-align-center has-nv-site-bg-color has-text-color\">MEJORA DEL H\u00c1BITAT<\/h2>\n<\/div><\/div>\n\n\n\n<div style=\"height:68px\" aria-hidden=\"true\" class=\"wp-block-spacer\"><\/div>\n\n\n\n<div class=\"wp-block-group is-vertical is-layout-flex wp-container-9 wp-block-group-is-layout-flex\">\n<p>La tem\u00e1tica del h\u00e1bitat, tierra y vivienda es la agenda principal de la organizaci\u00f3n desde su origen, acompa\u00f1ando reclamos territoriales y la organizaci\u00f3n social, impulsando proyectos y ejecutandolos. A partir de un trabajo de mucho tiempo y con compromiso, podemos decir con orgullo que formamos parte de un colectivo de organizaciones que particip\u00f3 de la creaci\u00f3n del Consejo Local de Tierra y H\u00e1bitat en la ciudad de La Plata. Coordinamos actividades y agenda con la red FOTIVBA (Federaci\u00f3n de Organizaciones de Tierra y Vivienda de la Provincia de Buenos Aires), participamos con representaci\u00f3n formal en el <strong>Consejo Provincial de Tierra y H\u00e1bitat <\/strong>a trav\u00e9s de nuestro consejero <strong>Alberto \u201cTucho\u201d Far\u00edas<\/strong> y la Comisi\u00f3n de Barrios Populares de la Pastoral Social de la Di\u00f3cesis de La Plata.\u00a0<\/p>\n\n\n\n<p>En este marco implementamos uno de los programas de la ley 14.449 de Microcr\u00e9ditos de H\u00e1bitat para el Mejoramiento Habitacional en los barrios donde desarrollamos nuestra tarea institucional a trav\u00e9s del Ministerio de Desarrollo Social de la Provincia de Buenos Aires, recibiendo financiamiento en el 2015 y en el 2017.<\/p>\n\n\n\n<p>Hemos&nbsp; trabajado con los Microcr\u00e9ditos en el territorio del Gran La Plata, fundamentalmente fuera del \u00e1rea del casco urbano de la ciudad, abarcando desde Villa Elisa hasta Villa Elvira y al norte de la Ciudad hasta la ruta 36; as\u00ed como tambi\u00e9n en la zona de Berisso y Ensenada. Centramos nuestro trabajo en la consolidaci\u00f3n, mejora, ampliaci\u00f3n y construcci\u00f3n de m\u00f3dulos de viviendas con material tradicional. Asimismo, se propiciaron microcr\u00e9ditos para mejorar los espacios de producci\u00f3n de emprendimientos ubicados en los barrios en los que se ven\u00eda trabajando.<\/p>\n\n\n\n<p>Los hogares beneficiarios contaban con viviendas precarias en relaci\u00f3n a la materialidad, algunas con terrenos sin delimitar, sin agua corriente, gas natural ni cloacas. Los barrios se caracterizaban adem\u00e1s por contar con calles de tierra, servicio de recolecci\u00f3n de residuos espor\u00e1dico, calles en mal estado, sin alumbrado, servicio de barrido y limpieza y un acceso limitado a la atenci\u00f3n sanitaria.&nbsp;<\/p>\n\n\n\n<p>El principal impacto de esta herramienta de trabajo, tuvo que ver con el mejoramiento de la calidad habitacional en el corto plazo, ya que los cr\u00e9ditos con modalidad escalonada permit\u00edan mejorar o cambiar techos, construcci\u00f3n de nuevos ambientes, reparaci\u00f3n de pisos, revoques generales y aislaciones, n\u00facleos h\u00famedos-sistemas higi\u00e9nicos, sistemas de calefacci\u00f3n, instalaciones de gas y luz, entre otros.<\/p>\n\n\n\n<p>En este marco, se brind\u00f3 adem\u00e1s asistencia t\u00e9cnica a las personas beneficiarias, a trav\u00e9s de los Consultorios de H\u00e1bitat, los cuales se convirtieron en referentes en el territorio y con un plus que permiti\u00f3 multiplicar el concepto de Promotores del H\u00e1bitat transfiriendo conocimiento e intercambiando saberes en el territorio. El principal objetivo fue acompa\u00f1ar a las familias brindando conocimiento y sugerencias a nivel del dise\u00f1o proyectual, plan de obra e implementaci\u00f3n de la misma, elecci\u00f3n de los materiales, compras, informaci\u00f3n en relaci\u00f3n a las normas vigentes y sugerencias para el proceso de mejoramiento de vivienda que los vecinos llevaran adelante con ayuda mutua. A su vez, esto permiti\u00f3 construir un espacio colectivo de aprendizaje del h\u00e1bitat barrial desde una perspectiva comunitaria, apostando a la mejora del entorno a trav\u00e9s de la intervenci\u00f3n en la vivienda.<\/p>\n\n\n\n<p>Actualmente nos encontramos trabajando en un Proyecto de Obras Tempranas de la Secretar\u00eda de Integraci\u00f3n Sociourbana de la Naci\u00f3n. El programa comprende el financiamiento de obras espec\u00edficas que responden a un modelo social, productivo y urbano. Se busca mejorar la accesibilidad y conectividad, la construcci\u00f3n de infraestructura o equipamiento y el acceso a los servicios b\u00e1sicos. El proyecto en el que trabajamos se trata de una intervenci\u00f3n en el espacio p\u00fablico en el barrio Las Casuarinas de la localidad de Lisandro Olmos, el cual contempla obras de red peatonal y arbolado con el objetivo de garantizar la mejora en la accesibilidad y conectividad del barrio, beneficiando a familias en situaci\u00f3n de vulnerabilidad que all\u00ed habitan.<\/p>\n<\/div>\n\n\n\n<div style=\"height:68px\" aria-hidden=\"true\" class=\"wp-block-spacer\"><\/div>\n\n\n\n<div class=\"wp-block-group is-content-justification-center is-nowrap is-layout-flex wp-container-10 wp-block-group-is-layout-flex\">\n<figure class=\"wp-block-image size-full is-resized\"><img data-opt-src=\"https:\/\/mlfgxe2ni4uc.i.optimole.com\/w:auto\/h:auto\/q:mauto\/f:avif\/http:\/\/cedyt.org\/wp-content\/uploads\/2023\/11\/MEJORAHABITAT2.jpg\"  decoding=\"async\" width=\"960\" height=\"720\" src=\"data:image/svg+xml,%3Csvg%20viewBox%3D%220%200%20100%%20100%%22%20width%3D%22100%%22%20height%3D%22100%%22%20xmlns%3D%22http%3A%2F%2Fwww.w3.org%2F2000%2Fsvg%22%3E%3C%2Fsvg%3E\" alt=\"\" class=\"wp-image-1036\" style=\"object-fit:cover;width:782px;height:440px\"\/><\/figure>\n\n\n\n<figure class=\"wp-block-image size-large is-resized\"><img data-opt-src=\"https:\/\/mlfgxe2ni4uc.i.optimole.com\/w:1024\/h:576\/q:mauto\/f:avif\/http:\/\/cedyt.org\/wp-content\/uploads\/2023\/11\/MEJORAHABITAT3.jpg\"  decoding=\"async\" width=\"1024\" height=\"576\" src=\"data:image/svg+xml,%3Csvg%20viewBox%3D%220%200%201024%20576%22%20width%3D%221024%22%20height%3D%22576%22%20xmlns%3D%22http%3A%2F%2Fwww.w3.org%2F2000%2Fsvg%22%3E%3C%2Fsvg%3E\" alt=\"\" class=\"wp-image-1037\" style=\"aspect-ratio:16\/9;object-fit:cover;width:782px;height:undefinedpx\"\/><\/figure>\n<\/div>\n<\/div><\/div>\n\n\n\n<div style=\"height:55px\" aria-hidden=\"true\" class=\"wp-block-spacer\"><\/div>\n\n\n\n<div class=\"wp-block-group is-layout-constrained wp-block-group-is-layout-constrained\"><div class=\"wp-block-group__inner-container\">\n<div class=\"wp-block-cover alignfull\" style=\"min-height:289px\"><span aria-hidden=\"true\" class=\"wp-block-cover__background has-background-dim\"><\/span><img data-opt-src=\"https:\/\/mlfgxe2ni4uc.i.optimole.com\/w:auto\/h:auto\/q:mauto\/f:avif\/https:\/\/cedyt.org\/wp-content\/uploads\/2023\/08\/que-hacemos03.png\"  decoding=\"async\" width=\"960\" height=\"717\" class=\"wp-block-cover__image-background wp-image-753\" alt=\"\" src=\"data:image/svg+xml,%3Csvg%20viewBox%3D%220%200%20100%%20100%%22%20width%3D%22100%%22%20height%3D%22100%%22%20xmlns%3D%22http%3A%2F%2Fwww.w3.org%2F2000%2Fsvg%22%3E%3C%2Fsvg%3E\" style=\"object-position:52% 58%\" data-object-fit=\"cover\" data-object-position=\"52% 58%\"\/><div class=\"wp-block-cover__inner-container is-layout-constrained wp-block-cover-is-layout-constrained\"><div class=\"wp-block-image\">\n<figure class=\"aligncenter size-full is-resized\"><img decoding=\"async\" width=\"212\" height=\"198\" src=\"https:\/\/mlfgxe2ni4uc.i.optimole.com\/w:auto\/h:auto\/q:mauto\/f:avif\/https:\/\/cedyt.org\/wp-content\/uploads\/2023\/08\/v1_web_Cedyt.png\" alt=\"\" class=\"wp-image-734\" style=\"width:104px;height:97px\"\/><\/figure><\/div>\n\n\n<h2 class=\"wp-block-heading has-text-align-center has-nv-site-bg-color has-text-color\">ASESORIAS<\/h2>\n<\/div><\/div>\n\n\n\n<div class=\"wp-block-group is-vertical is-layout-flex wp-container-14 wp-block-group-is-layout-flex\">\n<div style=\"height:0px\" aria-hidden=\"true\" class=\"wp-block-spacer wp-container-content-13\"><\/div>\n\n\n\n<p>Desde los equipos t\u00e9cnicos del CEDyT se realizan asesor\u00edas para organizaciones y \u00f3rganos de gobierno vinculadas a la elaboraci\u00f3n de proyectos y gesti\u00f3n de recursos relativos a la transformaci\u00f3n del h\u00e1bitat, fortalecimiento de organizaciones de la sociedad civil, as\u00ed como tambi\u00e9n se realizan diagn\u00f3sticos y propuestas vinculadas a la planificaci\u00f3n y el ordenamiento urbano.&nbsp;<\/p>\n\n\n\n<p>Asimismo, se desarrollan instancias de formaci\u00f3n y capacitaci\u00f3n para equipos espec\u00edficos, as\u00ed como tambi\u00e9n de convocatoria libre, en tem\u00e1ticas relativas a la salud comunitaria, acceso al h\u00e1bitat, transversalizaci\u00f3n de la perspectiva de g\u00e9nero, planificaci\u00f3n urbana, instrumentos normativos de regularizaci\u00f3n del h\u00e1bitat, entre otras.<\/p>\n\n\n\n<p>Para mayor informaci\u00f3n, comunicarse a trav\u00e9s de los canales de contacto.<\/p>\n<\/div>\n\n\n\n<div class=\"wp-block-buttons is-content-justification-center is-layout-flex wp-container-15 wp-block-buttons-is-layout-flex\">\n<div class=\"wp-block-button is-style-secondary\"><a class=\"wp-block-button__link has-text-align-center wp-element-button\" href=\"https:\/\/cedyt.org\/?page_id=75\">CONTACTO<\/a><\/div>\n<\/div>\n\n\n\n<div style=\"height:43px\" aria-hidden=\"true\" class=\"wp-block-spacer\"><\/div>\n<\/div><\/div>\n\n\n\n<div class=\"wp-block-group is-layout-constrained wp-block-group-is-layout-constrained\"><div class=\"wp-block-group__inner-container\">\n<div class=\"wp-block-cover alignfull\" style=\"min-height:289px\"><span aria-hidden=\"true\" class=\"wp-block-cover__background has-background-dim\"><\/span><img data-opt-src=\"https:\/\/mlfgxe2ni4uc.i.optimole.com\/w:auto\/h:auto\/q:mauto\/f:avif\/https:\/\/cedyt.org\/wp-content\/uploads\/2023\/08\/que-hacemos04.png\"  decoding=\"async\" width=\"2714\" height=\"861\" class=\"wp-block-cover__image-background wp-image-754\" alt=\"\" src=\"data:image/svg+xml,%3Csvg%20viewBox%3D%220%200%20100%%20100%%22%20width%3D%22100%%22%20height%3D%22100%%22%20xmlns%3D%22http%3A%2F%2Fwww.w3.org%2F2000%2Fsvg%22%3E%3C%2Fsvg%3E\" data-object-fit=\"cover\"\/><div class=\"wp-block-cover__inner-container is-layout-constrained wp-block-cover-is-layout-constrained\"><div class=\"wp-block-image\">\n<figure class=\"aligncenter size-full\"><img data-opt-src=\"https:\/\/mlfgxe2ni4uc.i.optimole.com\/w:auto\/h:auto\/q:mauto\/f:avif\/http:\/\/cedyt.org\/wp-content\/uploads\/2023\/06\/Icon_catedralibre.png\"  decoding=\"async\" width=\"101\" height=\"95\" src=\"data:image/svg+xml,%3Csvg%20viewBox%3D%220%200%20100%%20100%%22%20width%3D%22100%%22%20height%3D%22100%%22%20xmlns%3D%22http%3A%2F%2Fwww.w3.org%2F2000%2Fsvg%22%3E%3C%2Fsvg%3E\" alt=\"\" class=\"wp-image-404\"\/><\/figure><\/div>\n\n\n<h2 class=\"wp-block-heading has-text-align-center has-nv-site-bg-color has-text-color\">FORMACI\u00d3N: CATEDRA LIBRE<\/h2>\n\n\n\n<div style=\"height:43px\" aria-hidden=\"true\" class=\"wp-block-spacer\"><\/div>\n<\/div><\/div>\n\n\n\n<div class=\"wp-block-group is-vertical is-layout-flex wp-container-19 wp-block-group-is-layout-flex\">\n<div style=\"height:0px\" aria-hidden=\"true\" class=\"wp-block-spacer wp-container-content-18\"><\/div>\n\n\n\n<p>Desde el 2012 contamos con la C\u00e1tedra Libre de Planificaci\u00f3n Estrat\u00e9gica, Desarrollo Humano y Ocupaci\u00f3n del Espacio en el Proyecto Nacional \u2013 <em>Juan Domingo Per\u00f3n<\/em> en la UNLP, a trav\u00e9s de la cual hemos desarrollado distintas iniciativas vinculadas a la formaci\u00f3n y capacitaci\u00f3n vinculadas a la producci\u00f3n social del h\u00e1bitat desde una perspectiva integral.&nbsp;En este marco, entre el 2018 y el 2019 se desarroll\u00f3 el <strong><em>Seminario de Promotores Territoriales del H\u00e1bitat Social<\/em><\/strong>, dirigido a referentes territoriales con inquietudes vinculadas a la producci\u00f3n social del h\u00e1bitat. Se trabajaron m\u00f3dulos de formaci\u00f3n relacionados a instrumentos legales de gesti\u00f3n del suelo, gesti\u00f3n democr\u00e1tica del territorio, herramientas de diagn\u00f3stico como cartograf\u00eda y mapeo social, construcci\u00f3n colectiva de herramientas de recolecci\u00f3n de datos y construcci\u00f3n de proyectos participativos.<\/p>\n<\/div>\n\n\n\n<div style=\"height:50px\" aria-hidden=\"true\" class=\"wp-block-spacer\"><\/div>\n\n\n\n<div class=\"wp-block-group is-content-justification-center is-nowrap is-layout-flex wp-container-20 wp-block-group-is-layout-flex\">\n<figure class=\"wp-block-image size-large is-resized\"><img data-opt-src=\"https:\/\/mlfgxe2ni4uc.i.optimole.com\/w:1024\/h:612\/q:mauto\/f:avif\/https:\/\/cedyt.org\/wp-content\/uploads\/2023\/09\/seminariopromotores02.jpg\"  decoding=\"async\" width=\"1024\" height=\"612\" src=\"data:image/svg+xml,%3Csvg%20viewBox%3D%220%200%201024%20612%22%20width%3D%221024%22%20height%3D%22612%22%20xmlns%3D%22http%3A%2F%2Fwww.w3.org%2F2000%2Fsvg%22%3E%3C%2Fsvg%3E\" alt=\"\" class=\"wp-image-769\" style=\"object-fit:cover;width:782px;height:440px\"\/><\/figure>\n\n\n\n<figure class=\"wp-block-image size-large is-resized\"><img data-opt-src=\"https:\/\/mlfgxe2ni4uc.i.optimole.com\/w:1024\/h:577\/q:mauto\/f:avif\/https:\/\/cedyt.org\/wp-content\/uploads\/2023\/09\/seminariopromotoresT110-1.jpg\"  decoding=\"async\" width=\"1024\" height=\"577\" src=\"data:image/svg+xml,%3Csvg%20viewBox%3D%220%200%201024%20577%22%20width%3D%221024%22%20height%3D%22577%22%20xmlns%3D%22http%3A%2F%2Fwww.w3.org%2F2000%2Fsvg%22%3E%3C%2Fsvg%3E\" alt=\"\" class=\"wp-image-770\" style=\"aspect-ratio:16\/9;object-fit:cover;width:782px;height:undefinedpx\"\/><\/figure>\n<\/div>\n\n\n\n<div style=\"height:70px\" aria-hidden=\"true\" class=\"wp-block-spacer\"><\/div>\n\n\n\n<p>En el 2019 desarrollamos el seminario<strong><em> \u201cEl territorio en disputa: Hacia el acceso justo al h\u00e1bitat con perspectiva de g\u00e9nero\u201d<\/em><\/strong>, orientado a referentas barriales que quiseran trabajar herramientas vinculadas a g\u00e9neros y diversidad desde la perspectiva del feminismo popular. El mismo cont\u00f3 con dos charlas-debate introductorias: <em>El rol de las mujeres y la disidencias en la construcci\u00f3n de las ciudades latinoamericanas<\/em>, con la arquitecta Ana Fal\u00fa como disertante, y <em>Violencia de g\u00e9nero: Estrategias de detecci\u00f3n y acompa\u00f1amiento en el territorio<\/em>, dictada por la Lic. Flavia Delmas. Asimismo, se desarrollaron m\u00f3dulos formativos vinculados a introducirse en la perspectiva feminista del h\u00e1bitat, la feminizaci\u00f3n de la pobreza, debates sobre el liderazgo comunitario y el rol de las mujeres y disidencias en la pol\u00edtica.<\/p>\n\n\n\n<div style=\"height:50px\" aria-hidden=\"true\" class=\"wp-block-spacer\"><\/div>\n\n\n\n<div class=\"wp-block-group is-content-justification-center is-nowrap is-layout-flex wp-container-23 wp-block-group-is-layout-flex\">\n<figure class=\"wp-block-gallery has-nested-images columns-default is-cropped wp-block-gallery-21 is-layout-flex wp-block-gallery-is-layout-flex\">\n<figure class=\"wp-block-image size-large is-resized\"><img data-opt-src=\"https:\/\/mlfgxe2ni4uc.i.optimole.com\/w:auto\/h:auto\/q:mauto\/f:avif\/https:\/\/cedyt.org\/wp-content\/uploads\/2023\/09\/anafalu01.jpg\"  decoding=\"async\" width=\"850\" height=\"568\" src=\"data:image/svg+xml,%3Csvg%20viewBox%3D%220%200%20100%%20100%%22%20width%3D%22100%%22%20height%3D%22100%%22%20xmlns%3D%22http%3A%2F%2Fwww.w3.org%2F2000%2Fsvg%22%3E%3C%2Fsvg%3E\" alt=\"\" class=\"wp-image-778\" style=\"aspect-ratio:16\/9;object-fit:cover;width:782px;height:undefinedpx\"\/><\/figure>\n<\/figure>\n\n\n\n<figure class=\"wp-block-image size-full is-resized\"><img data-opt-src=\"https:\/\/mlfgxe2ni4uc.i.optimole.com\/w:auto\/h:auto\/q:mauto\/f:avif\/https:\/\/cedyt.org\/wp-content\/uploads\/2023\/09\/anafalu02.jpg\"  decoding=\"async\" width=\"852\" height=\"568\" src=\"data:image/svg+xml,%3Csvg%20viewBox%3D%220%200%20100%%20100%%22%20width%3D%22100%%22%20height%3D%22100%%22%20xmlns%3D%22http%3A%2F%2Fwww.w3.org%2F2000%2Fsvg%22%3E%3C%2Fsvg%3E\" alt=\"\" class=\"wp-image-779\" style=\"aspect-ratio:16\/9;object-fit:cover;width:782px;height:undefinedpx\"\/><\/figure>\n<\/div>\n\n\n\n<div style=\"height:41px\" aria-hidden=\"true\" class=\"wp-block-spacer\"><\/div>\n\n\n\n<p>En el 2019 fuimos convocados para participar de la creaci\u00f3n de la Escuela Popular de Salud que impuls\u00f3 el equipo profesional del UPA N\u00b06 de Los Hornos, en la ciudad de La Plata, destinada principalmente a los y las Promotores de la Salud en el territorio. En ese marco, desde la C\u00e1tedra Libre se gener\u00f3 el <strong><em>Seminario de Promotores Socio Comunitarios en Salud Territorial<\/em><\/strong>, que en el <strong>2020<\/strong>, en plena pandemia, desarroll\u00f3 sus contenidos de manera virtual debido al Aislamiento Social Preventivo y Obligatorio. Sin embargo, en ese marco, la propuesta construida tom\u00f3 un car\u00e1cter preponderante en el territorio. Los y las alumnas de la escuela&nbsp; se convirtieron en alumnas y promotoras activas a partir de las urgencias que se produc\u00edan en los barrios producto de la pandemia; y por otro lado fortalecieron las pol\u00edticas de acci\u00f3n y prevenci\u00f3n del estado a trav\u00e9s del UPA y su equipo.<\/p>\n\n\n\n<p>Durante<strong> 2021 <\/strong>y <strong>2022<\/strong> se dio continuidad al Seminario en el UPA N\u00b06, con una alta participaci\u00f3n y articulaci\u00f3n territorial.&nbsp;<\/p>\n\n\n\n<div style=\"height:41px\" aria-hidden=\"true\" class=\"wp-block-spacer\"><\/div>\n\n\n\n<div class=\"wp-block-group is-content-justification-center is-nowrap is-layout-flex wp-container-26 wp-block-group-is-layout-flex\">\n<figure class=\"wp-block-gallery has-nested-images columns-default is-cropped wp-block-gallery-24 is-layout-flex wp-block-gallery-is-layout-flex\">\n<figure class=\"wp-block-image size-large is-resized\"><img data-opt-src=\"https:\/\/mlfgxe2ni4uc.i.optimole.com\/w:1024\/h:472\/q:mauto\/f:avif\/https:\/\/cedyt.org\/wp-content\/uploads\/2023\/09\/IMG-20210516-WA0011.jpg\"  decoding=\"async\" width=\"1024\" height=\"472\" src=\"data:image/svg+xml,%3Csvg%20viewBox%3D%220%200%201024%20472%22%20width%3D%221024%22%20height%3D%22472%22%20xmlns%3D%22http%3A%2F%2Fwww.w3.org%2F2000%2Fsvg%22%3E%3C%2Fsvg%3E\" alt=\"\" class=\"wp-image-788\" style=\"aspect-ratio:16\/9;object-fit:cover;width:782px;height:undefinedpx\"\/><\/figure>\n<\/figure>\n\n\n\n<figure class=\"wp-block-image size-large is-resized\"><img data-opt-src=\"https:\/\/mlfgxe2ni4uc.i.optimole.com\/w:1024\/h:768\/q:mauto\/f:avif\/https:\/\/cedyt.org\/wp-content\/uploads\/2023\/09\/IMG-20210305-WA0100.jpg\"  decoding=\"async\" width=\"1024\" height=\"768\" src=\"data:image/svg+xml,%3Csvg%20viewBox%3D%220%200%201024%20768%22%20width%3D%221024%22%20height%3D%22768%22%20xmlns%3D%22http%3A%2F%2Fwww.w3.org%2F2000%2Fsvg%22%3E%3C%2Fsvg%3E\" alt=\"\" class=\"wp-image-790\" style=\"aspect-ratio:16\/9;object-fit:cover;width:782px;height:undefinedpx\"\/><\/figure>\n<\/div>\n\n\n\n<div style=\"height:70px\" aria-hidden=\"true\" class=\"wp-block-spacer\"><\/div>\n<\/div><\/div>\n\n\n\n<div class=\"wp-block-group is-layout-constrained wp-block-group-is-layout-constrained\"><div class=\"wp-block-group__inner-container\">\n<div class=\"wp-block-cover alignfull\" style=\"min-height:289px\"><span aria-hidden=\"true\" class=\"wp-block-cover__background has-background-dim\"><\/span><img data-opt-src=\"https:\/\/mlfgxe2ni4uc.i.optimole.com\/w:auto\/h:auto\/q:mauto\/f:avif\/https:\/\/cedyt.org\/wp-content\/uploads\/2023\/08\/que-hacemos04.png\"  decoding=\"async\" width=\"2714\" height=\"861\" class=\"wp-block-cover__image-background wp-image-754\" alt=\"\" src=\"data:image/svg+xml,%3Csvg%20viewBox%3D%220%200%20100%%20100%%22%20width%3D%22100%%22%20height%3D%22100%%22%20xmlns%3D%22http%3A%2F%2Fwww.w3.org%2F2000%2Fsvg%22%3E%3C%2Fsvg%3E\" data-object-fit=\"cover\"\/><div class=\"wp-block-cover__inner-container is-layout-constrained wp-block-cover-is-layout-constrained\"><div class=\"wp-block-image\">\n<figure class=\"aligncenter size-full\"><img data-opt-src=\"https:\/\/mlfgxe2ni4uc.i.optimole.com\/w:auto\/h:auto\/q:mauto\/f:avif\/http:\/\/cedyt.org\/wp-content\/uploads\/2023\/06\/Icon_catedralibre.png\"  decoding=\"async\" width=\"101\" height=\"95\" src=\"data:image/svg+xml,%3Csvg%20viewBox%3D%220%200%20100%%20100%%22%20width%3D%22100%%22%20height%3D%22100%%22%20xmlns%3D%22http%3A%2F%2Fwww.w3.org%2F2000%2Fsvg%22%3E%3C%2Fsvg%3E\" alt=\"\" class=\"wp-image-404\"\/><\/figure><\/div>\n\n\n<h2 class=\"wp-block-heading has-text-align-center has-nv-site-bg-color has-text-color\">CICLO DE CHARLAS<\/h2>\n\n\n\n<div style=\"height:43px\" aria-hidden=\"true\" class=\"wp-block-spacer\"><\/div>\n<\/div><\/div>\n\n\n\n<div class=\"wp-block-group is-vertical is-layout-flex wp-container-45 wp-block-group-is-layout-flex\">\n<div style=\"height:0px\" aria-hidden=\"true\" class=\"wp-block-spacer wp-container-content-29\"><\/div>\n\n\n\n<p>Adem\u00e1s, se realizan encuentros, ciclos de charlas y espacios de debate, orientados a discutir y problematizar la cuesti\u00f3n del h\u00e1bitat y la ciudad en la regi\u00f3n, con el objetivo de poner en agenda las problem\u00e1ticas locales en esos \u00e1mbitos y construir colectivamente propuestas y alternativas para el desarrollo integral de nuestra regi\u00f3n.&nbsp;<\/p>\n\n\n\n<div style=\"height:0px\" aria-hidden=\"true\" class=\"wp-block-spacer wp-container-content-30\"><\/div>\n\n\n\n<div class=\"wp-block-columns are-vertically-aligned-top is-layout-flex wp-container-35 wp-block-columns-is-layout-flex\">\n<div class=\"wp-block-column is-vertically-aligned-top is-layout-flow wp-block-column-is-layout-flow\" style=\"flex-basis:100%\">\n<div class=\"wp-block-group is-layout-constrained wp-block-group-is-layout-constrained\"><div class=\"wp-block-group__inner-container\">\n<div class=\"wp-block-group is-layout-constrained wp-block-group-is-layout-constrained\"><div class=\"wp-block-group__inner-container\">\n<h2 class=\"wp-block-heading has-nv-c-1-color has-text-color\">Debates por una agenda urbana para La Plata<\/h2>\n<\/div><\/div>\n\n\n\n<p>19 de septiembre de 2020. Expositores: Arq. Mar\u00eda Soledad del Cueto, Arq. Luciano Pugliese y Arq. Isabel Lopez<\/p>\n<\/div><\/div>\n<\/div>\n\n\n\n<div class=\"wp-block-column is-vertically-aligned-top is-layout-flow wp-block-column-is-layout-flow\" style=\"flex-basis:100%\">\n<figure class=\"wp-block-image size-full\"><img data-opt-src=\"https:\/\/mlfgxe2ni4uc.i.optimole.com\/w:auto\/h:auto\/q:mauto\/f:avif\/http:\/\/cedyt.org\/wp-content\/uploads\/2023\/11\/debates-por-una-agenda-urbana-1-edited.png\"  decoding=\"async\" width=\"571\" height=\"357\" src=\"data:image/svg+xml,%3Csvg%20viewBox%3D%220%200%20100%%20100%%22%20width%3D%22100%%22%20height%3D%22100%%22%20xmlns%3D%22http%3A%2F%2Fwww.w3.org%2F2000%2Fsvg%22%3E%3C%2Fsvg%3E\" alt=\"\" class=\"wp-image-926\"\/><\/figure>\n\n\n\n<div style=\"height:100px\" aria-hidden=\"true\" class=\"wp-block-spacer\"><\/div>\n<\/div>\n<\/div>\n\n\n\n<div class=\"wp-block-columns are-vertically-aligned-top is-layout-flex wp-container-39 wp-block-columns-is-layout-flex\">\n<div class=\"wp-block-column is-vertically-aligned-top is-layout-flow wp-block-column-is-layout-flow\" style=\"flex-basis:100%\">\n<figure class=\"wp-block-image size-full\"><img data-opt-src=\"https:\/\/mlfgxe2ni4uc.i.optimole.com\/w:auto\/h:auto\/q:mauto\/f:avif\/http:\/\/cedyt.org\/wp-content\/uploads\/2023\/11\/debates-por-una-agenda-urbana-1-edited.png\"  decoding=\"async\" width=\"571\" height=\"357\" src=\"data:image/svg+xml,%3Csvg%20viewBox%3D%220%200%20100%%20100%%22%20width%3D%22100%%22%20height%3D%22100%%22%20xmlns%3D%22http%3A%2F%2Fwww.w3.org%2F2000%2Fsvg%22%3E%3C%2Fsvg%3E\" alt=\"\" class=\"wp-image-926\"\/><\/figure>\n<\/div>\n\n\n\n<div class=\"wp-block-column is-vertically-aligned-top is-layout-flow wp-block-column-is-layout-flow\" style=\"flex-basis:100%\">\n<div class=\"wp-block-group is-layout-constrained wp-block-group-is-layout-constrained\"><div class=\"wp-block-group__inner-container\">\n<h2 class=\"wp-block-heading has-nv-c-1-color has-text-color\">Jornadas de H\u00e1bitat-Urbanizaci\u00f3n y Planificaci\u00f3n<\/h2>\n\n\n\n<p><strong>Mesa 1<\/strong>. 14 de mayo de 2021. Expositores: Mar\u00eda Soledad del Cueto, presidenta del CEDyT; Luciano Pugliese, Comisi\u00f3n de Planeamiento del CEDyT;&nbsp; Ana Mar\u00eda Lacuadra, referente barrial de Los Hornos; Guillermo Jelinski, Subsecretario de Recursos H\u00eddricos del MISP &#8211; PBA.&nbsp; Coordinaci\u00f3n: Mar\u00eda del Carmen Melendi, comisi\u00f3n de Planeamiento del CEDyT.<\/p>\n\n\n\n<p><strong>Mesa 2. <\/strong>28 de mayo de 2021. Expositores: Franco Carballo, Director de Inmuebles Fiscales MHyF &#8211; PBA y miembro de la Comisi\u00f3n de Planeamiento del CEDyT; Fabiana Correa, referente barrial de Melchor Romero; Carmen Calder\u00f3n, referente barrial de Villa Elvira; Gabriel Nocetto, Asociaci\u00f3n Madre Tierra. Coordinaci\u00f3n: Eugenia Rodriguez Daneri, Comisi\u00f3n de Planeamiento del CEDyT.&nbsp;<\/p>\n<\/div><\/div>\n<\/div>\n<\/div>\n\n\n\n<div style=\"height:0px\" aria-hidden=\"true\" class=\"wp-block-spacer wp-container-content-40\"><\/div>\n\n\n\n<div class=\"wp-block-columns are-vertically-aligned-top is-layout-flex wp-container-44 wp-block-columns-is-layout-flex\">\n<div class=\"wp-block-column is-vertically-aligned-top is-layout-flow wp-block-column-is-layout-flow\" style=\"flex-basis:100%\">\n<div class=\"wp-block-group is-layout-constrained wp-block-group-is-layout-constrained\"><div class=\"wp-block-group__inner-container\">\n<h2 class=\"wp-block-heading has-nv-c-1-color has-text-color\">Jornadas de H\u00e1bitat: El h\u00e1bitat en la regi\u00f3n<\/h2>\n\n\n\n<ul>\n<li><strong>&nbsp;Mesa 1<\/strong>. 11 de junio de 2021. Expositores: Alberto \u201cTucho\u201d Far\u00edas, Comisi\u00f3n de Planeamiento del CEDyT y Consejero en Consejo Provincial de Tierra y H\u00e1bitat; Susana Correa, referente barrial de Lisandro Olmos y Consejera en Consejo Local de Tierra y H\u00e1bitat de La Plata; Cecilia Cladis, Directora de Planeamiento de la Municipalidad de Ensenada; Gabriel Marotte, Secretario de H\u00e1bitat de la Municipalidad de Berisso. Coordinaci\u00f3n: Guillermo Carpignano, Comisi\u00f3n de H\u00e1bitat del CEDyT.&nbsp;<\/li>\n\n\n\n<li><strong>Mesa 2:<\/strong> 25 de junio de 2021. Expositores: Lila Carranza Blascetta, Comisi\u00f3n de G\u00e9nero del CEDyT; Juan Espinosa, referente barrial de Lisandro Olmos y Consejero en el Consejo Local de Tierra y H\u00e1bitat de La Plata; Patricia Pi\u00f1eyro, referente de la Pastoral Social de La Plata; Soledad del Cueto, Presidenta del CEDyT. Coordinaci\u00f3n: Agustina Reda, Comisi\u00f3n de G\u00e9nero CEDyT.&nbsp;<\/li>\n<\/ul>\n<\/div><\/div>\n<\/div>\n\n\n\n<div class=\"wp-block-column is-vertically-aligned-top is-layout-flow wp-block-column-is-layout-flow\" style=\"flex-basis:100%\">\n<figure class=\"wp-block-image size-large\"><img data-opt-src=\"https:\/\/mlfgxe2ni4uc.i.optimole.com\/w:1024\/h:641\/q:mauto\/f:avif\/https:\/\/cedyt.org\/wp-content\/uploads\/2023\/11\/jornadas-de-habitat2.jpg\"  decoding=\"async\" width=\"1024\" height=\"641\" src=\"data:image/svg+xml,%3Csvg%20viewBox%3D%220%200%201024%20641%22%20width%3D%221024%22%20height%3D%22641%22%20xmlns%3D%22http%3A%2F%2Fwww.w3.org%2F2000%2Fsvg%22%3E%3C%2Fsvg%3E\" alt=\"\" class=\"wp-image-937\"\/><\/figure>\n<\/div>\n<\/div>\n<\/div>\n<\/div><\/div>\n","protected":false},"excerpt":{"rendered":"<p>Llevamos adelante actividades vinculadas a la asistencia alimentaria de la poblaci\u00f3n m\u00e1s vulnerable en cada barrio, jornadas de promoci\u00f3n de la salud integral, as\u00ed como tambi\u00e9n seminarios y capacitaciones orientadas al fortalecimiento de la organizaci\u00f3n popular y la construcci\u00f3n de liderazgos comunitarios, vinculados principalmente a la construcci\u00f3n social del h\u00e1bitat, al acceso justo a la&hellip;&nbsp;<a href=\"https:\/\/cedyt.org\/?page_id=707\" class=\"\" rel=\"bookmark\">Leer m\u00e1s &raquo;<span class=\"screen-reader-text\">que hacemos<\/span><\/a><\/p>\n","protected":false},"author":1,"featured_media":0,"parent":0,"menu_order":0,"comment_status":"closed","ping_status":"closed","template":"","meta":{"_mi_skip_tracking":false,"_monsterinsights_sitenote_active":false,"_monsterinsights_sitenote_note":"","_monsterinsights_sitenote_category":0,"neve_meta_sidebar":"","neve_meta_container":"full-width","neve_meta_enable_content_width":"on","neve_meta_content_width":90,"neve_meta_title_alignment":"","neve_meta_author_avatar":"","neve_post_elements_order":"","neve_meta_disable_header":"off","neve_meta_disable_footer":"","neve_meta_disable_title":"","_themeisle_gutenberg_block_has_review":false,"_ti_tpc_template_sync":false,"_ti_tpc_template_id":"","footnotes":""},"_links":{"self":[{"href":"https:\/\/cedyt.org\/index.php?rest_route=\/wp\/v2\/pages\/707"}],"collection":[{"href":"https:\/\/cedyt.org\/index.php?rest_route=\/wp\/v2\/pages"}],"about":[{"href":"https:\/\/cedyt.org\/index.php?rest_route=\/wp\/v2\/types\/page"}],"author":[{"embeddable":true,"href":"https:\/\/cedyt.org\/index.php?rest_route=\/wp\/v2\/users\/1"}],"replies":[{"embeddable":true,"href":"https:\/\/cedyt.org\/index.php?rest_route=%2Fwp%2Fv2%2Fcomments&post=707"}],"version-history":[{"count":80,"href":"https:\/\/cedyt.org\/index.php?rest_route=\/wp\/v2\/pages\/707\/revisions"}],"predecessor-version":[{"id":1055,"href":"https:\/\/cedyt.org\/index.php?rest_route=\/wp\/v2\/pages\/707\/revisions\/1055"}],"wp:attachment":[{"href":"https:\/\/cedyt.org\/index.php?rest_route=%2Fwp%2Fv2%2Fmedia&parent=707"}],"curies":[{"name":"wp","href":"https:\/\/api.w.org\/{rel}","templated":true}]}}